{"id":2905,"date":"2022-02-14T11:53:36","date_gmt":"2022-02-14T10:53:36","guid":{"rendered":"https:\/\/kamilhawliczek.pl\/?page_id=2905"},"modified":"2022-02-18T13:20:15","modified_gmt":"2022-02-18T12:20:15","slug":"kiedy-udac-sie-do-psychologa","status":"publish","type":"page","link":"https:\/\/kamilhawliczek.pl\/?page_id=2905","title":{"rendered":"Kiedy wybra\u0107 si\u0119 do psychologa?"},"content":{"rendered":"<p>[vc_row][vc_column][vc_column_text]Do psychologa nale\u017cy uda\u0107 si\u0119, gdy odczuwamy takie objawy jak:<br \/>\n-symptomy depresji np. przed\u0142u\u017caj\u0105ce si\u0119 poczucie smutku, przygn\u0119bienia i apatii.<br \/>\n-r\u00f3\u017cnego rodzaju fobie i nerwice.<br \/>\n-trauma po stracie bliskiej osoby.<br \/>\n-zmaganie si\u0119 z r\u00f3\u017cnego typu uzale\u017cnieniami.<br \/>\n-wsp\u00f3\u0142uzale\u017cnienie.<br \/>\n-problemy wychowawcze.<br \/>\n-konflikty rodzinne i ma\u0142\u017ce\u0144skie.<br \/>\n-problem z bezsenno\u015bci\u0105.<br \/>\n-wypalenie zawodowe.<br \/>\n-stres zawodowy.<br \/>\n-poczucie \u017cyciowej kl\u0119ski, m.in. w zwi\u0105zku z bezrobociem.<br \/>\n-niskie poczucie w\u0142asnej warto\u015bci.<br \/>\n-trudno\u015bci w nawi\u0105zywaniu relacji interpersonalnych.<br \/>\n-psychiczne zaburzenia od\u017cywiania, np. bulimia czy anoreksja.<br \/>\n-problemy z asertywno\u015bci\u0105.[\/vc_column_text][\/vc_column][\/vc_row][vc_row][vc_column][vc_single_image image=&#8221;2918&#8243; img_size=&#8221;full&#8221;][\/vc_column][\/vc_row]<\/p>\n","protected":false},"excerpt":{"rendered":"<p>[vc_row][vc_column][vc_column_text]Do psychologa nale\u017cy uda\u0107 si\u0119, gdy odczuwamy takie objawy jak: -symptomy depresji np. przed\u0142u\u017caj\u0105ce si\u0119 poczucie smutku, przygn\u0119bienia i apatii. -r\u00f3\u017cnego rodzaju fobie i nerwice. -trauma po stracie bliskiej osoby. -zmaganie si\u0119 z r\u00f3\u017cnego typu uzale\u017cnieniami. -wsp\u00f3\u0142uzale\u017cnienie. -problemy wychowawcze. -konflikty rodzinne i ma\u0142\u017ce\u0144skie. -problem z bezsenno\u015bci\u0105. -wypalenie zawodowe. -stres zawodowy. -poczucie \u017cyciowej kl\u0119ski, m.in. w [&hellip;]<\/p>\n","protected":false},"author":1,"featured_media":0,"parent":0,"menu_order":0,"comment_status":"closed","ping_status":"closed","template":"","meta":{"om_disable_all_campaigns":false,"_monsterinsights_skip_tracking":false,"_monsterinsights_sitenote_active":false,"_monsterinsights_sitenote_note":"","_monsterinsights_sitenote_category":0},"yoast_head":"<!-- This site is optimized with the Yoast SEO Premium plugin v17.8 (Yoast SEO v18.5.1) - https:\/\/yoast.com\/wordpress\/plugins\/seo\/ -->\n<title>Kiedy wybra\u0107 si\u0119 do psychologa? - kamilhawliczek.pl<\/title>\n<meta name=\"description\" content=\"Odpowiadam na pytanie kiedy warto zastanowi\u0107 si\u0119 na wizyt\u0105 u psychoterapeuty. Jakie problemy mog\u0105 \u015bwiadczy\u0107 o konieczno\u015bci terapii.\" \/>\n<meta name=\"robots\" content=\"index, follow, max-snippet:-1, max-image-preview:large, max-video-preview:-1\" \/>\n<link rel=\"canonical\" href=\"https:\/\/kamilhawliczek.pl\/?page_id=2905\" \/>\n<meta property=\"og:locale\" content=\"pl_PL\" \/>\n<meta property=\"og:type\" content=\"article\" \/>\n<meta property=\"og:title\" content=\"Kiedy wybra\u0107 si\u0119 do psychologa?\" \/>\n<meta property=\"og:description\" content=\"Odpowiadam na pytanie kiedy warto zastanowi\u0107 si\u0119 na wizyt\u0105 u psychoterapeuty. Jakie problemy mog\u0105 \u015bwiadczy\u0107 o konieczno\u015bci terapii.\" \/>\n<meta property=\"og:url\" content=\"https:\/\/kamilhawliczek.pl\/?page_id=2905\" \/>\n<meta property=\"og:site_name\" content=\"kamilhawliczek.pl\" \/>\n<meta property=\"article:modified_time\" content=\"2022-02-18T12:20:15+00:00\" \/>\n<meta name=\"twitter:card\" content=\"summary_large_image\" \/>\n<meta name=\"twitter:label1\" content=\"Szacowany czas czytania\" \/>\n\t<meta name=\"twitter:data1\" content=\"1 minuta\" \/>\n<script type=\"application\/ld+json\" class=\"yoast-schema-graph\">{\"@context\":\"https:\/\/schema.org\",\"@graph\":[{\"@type\":\"WebSite\",\"@id\":\"https:\/\/kamilhawliczek.pl\/#website\",\"url\":\"https:\/\/kamilhawliczek.pl\/\",\"name\":\"kamilhawliczek.pl\",\"description\":\"Psycholog, psychoterapeuta Kamil Hawliczek\",\"potentialAction\":[{\"@type\":\"SearchAction\",\"target\":{\"@type\":\"EntryPoint\",\"urlTemplate\":\"https:\/\/kamilhawliczek.pl\/?s={search_term_string}\"},\"query-input\":\"required name=search_term_string\"}],\"inLanguage\":\"pl-PL\"},{\"@type\":\"WebPage\",\"@id\":\"https:\/\/kamilhawliczek.pl\/?page_id=2905#webpage\",\"url\":\"https:\/\/kamilhawliczek.pl\/?page_id=2905\",\"name\":\"Kiedy wybra\u0107 si\u0119 do psychologa? - kamilhawliczek.pl\",\"isPartOf\":{\"@id\":\"https:\/\/kamilhawliczek.pl\/#website\"},\"datePublished\":\"2022-02-14T10:53:36+00:00\",\"dateModified\":\"2022-02-18T12:20:15+00:00\",\"description\":\"Odpowiadam na pytanie kiedy warto zastanowi\u0107 si\u0119 na wizyt\u0105 u psychoterapeuty. Jakie problemy mog\u0105 \u015bwiadczy\u0107 o konieczno\u015bci terapii.\",\"breadcrumb\":{\"@id\":\"https:\/\/kamilhawliczek.pl\/?page_id=2905#breadcrumb\"},\"inLanguage\":\"pl-PL\",\"potentialAction\":[{\"@type\":\"ReadAction\",\"target\":[\"https:\/\/kamilhawliczek.pl\/?page_id=2905\"]}]},{\"@type\":\"BreadcrumbList\",\"@id\":\"https:\/\/kamilhawliczek.pl\/?page_id=2905#breadcrumb\",\"itemListElement\":[{\"@type\":\"ListItem\",\"position\":1,\"name\":\"Home\",\"item\":\"https:\/\/kamilhawliczek.pl\/\"},{\"@type\":\"ListItem\",\"position\":2,\"name\":\"Kiedy wybra\u0107 si\u0119 do psychologa?\"}]}]}<\/script>\n<!-- \/ Yoast SEO Premium plugin. -->","yoast_head_json":{"title":"Kiedy wybra\u0107 si\u0119 do psychologa? - kamilhawliczek.pl","description":"Odpowiadam na pytanie kiedy warto zastanowi\u0107 si\u0119 na wizyt\u0105 u psychoterapeuty. Jakie problemy mog\u0105 \u015bwiadczy\u0107 o konieczno\u015bci terapii.","robots":{"index":"index","follow":"follow","max-snippet":"max-snippet:-1","max-image-preview":"max-image-preview:large","max-video-preview":"max-video-preview:-1"},"canonical":"https:\/\/kamilhawliczek.pl\/?page_id=2905","og_locale":"pl_PL","og_type":"article","og_title":"Kiedy wybra\u0107 si\u0119 do psychologa?","og_description":"Odpowiadam na pytanie kiedy warto zastanowi\u0107 si\u0119 na wizyt\u0105 u psychoterapeuty. Jakie problemy mog\u0105 \u015bwiadczy\u0107 o konieczno\u015bci terapii.","og_url":"https:\/\/kamilhawliczek.pl\/?page_id=2905","og_site_name":"kamilhawliczek.pl","article_modified_time":"2022-02-18T12:20:15+00:00","twitter_card":"summary_large_image","twitter_misc":{"Szacowany czas czytania":"1 minuta"},"schema":{"@context":"https:\/\/schema.org","@graph":[{"@type":"WebSite","@id":"https:\/\/kamilhawliczek.pl\/#website","url":"https:\/\/kamilhawliczek.pl\/","name":"kamilhawliczek.pl","description":"Psycholog, psychoterapeuta Kamil Hawliczek","potentialAction":[{"@type":"SearchAction","target":{"@type":"EntryPoint","urlTemplate":"https:\/\/kamilhawliczek.pl\/?s={search_term_string}"},"query-input":"required name=search_term_string"}],"inLanguage":"pl-PL"},{"@type":"WebPage","@id":"https:\/\/kamilhawliczek.pl\/?page_id=2905#webpage","url":"https:\/\/kamilhawliczek.pl\/?page_id=2905","name":"Kiedy wybra\u0107 si\u0119 do psychologa? - kamilhawliczek.pl","isPartOf":{"@id":"https:\/\/kamilhawliczek.pl\/#website"},"datePublished":"2022-02-14T10:53:36+00:00","dateModified":"2022-02-18T12:20:15+00:00","description":"Odpowiadam na pytanie kiedy warto zastanowi\u0107 si\u0119 na wizyt\u0105 u psychoterapeuty. Jakie problemy mog\u0105 \u015bwiadczy\u0107 o konieczno\u015bci terapii.","breadcrumb":{"@id":"https:\/\/kamilhawliczek.pl\/?page_id=2905#breadcrumb"},"inLanguage":"pl-PL","potentialAction":[{"@type":"ReadAction","target":["https:\/\/kamilhawliczek.pl\/?page_id=2905"]}]},{"@type":"BreadcrumbList","@id":"https:\/\/kamilhawliczek.pl\/?page_id=2905#breadcrumb","itemListElement":[{"@type":"ListItem","position":1,"name":"Home","item":"https:\/\/kamilhawliczek.pl\/"},{"@type":"ListItem","position":2,"name":"Kiedy wybra\u0107 si\u0119 do psychologa?"}]}]}},"_links":{"self":[{"href":"https:\/\/kamilhawliczek.pl\/index.php?rest_route=\/wp\/v2\/pages\/2905"}],"collection":[{"href":"https:\/\/kamilhawliczek.pl\/index.php?rest_route=\/wp\/v2\/pages"}],"about":[{"href":"https:\/\/kamilhawliczek.pl\/index.php?rest_route=\/wp\/v2\/types\/page"}],"author":[{"embeddable":true,"href":"https:\/\/kamilhawliczek.pl\/index.php?rest_route=\/wp\/v2\/users\/1"}],"replies":[{"embeddable":true,"href":"https:\/\/kamilhawliczek.pl\/index.php?rest_route=%2Fwp%2Fv2%2Fcomments&post=2905"}],"version-history":[{"count":5,"href":"https:\/\/kamilhawliczek.pl\/index.php?rest_route=\/wp\/v2\/pages\/2905\/revisions"}],"predecessor-version":[{"id":3057,"href":"https:\/\/kamilhawliczek.pl\/index.php?rest_route=\/wp\/v2\/pages\/2905\/revisions\/3057"}],"wp:attachment":[{"href":"https:\/\/kamilhawliczek.pl\/index.php?rest_route=%2Fwp%2Fv2%2Fmedia&parent=2905"}],"curies":[{"name":"wp","href":"https:\/\/api.w.org\/{rel}","templated":true}]}}